{"id":16,"date":"2015-03-23T19:40:13","date_gmt":"2015-03-23T18:40:13","guid":{"rendered":"http:\/\/www.zivotsesyndromem.cz\/?page_id=16"},"modified":"2015-03-23T19:40:13","modified_gmt":"2015-03-23T18:40:13","slug":"treacher-collins-syndrom-tcs","status":"publish","type":"page","link":"https:\/\/www.zivotsesyndromem.cz\/?page_id=16","title":{"rendered":"Treacher Collins syndrom (TCS)"},"content":{"rendered":"<p class=\"western\" style=\"text-align: justify;\" align=\"justify\"><a name=\"Q00-Q99\"><\/a> <span style=\"font-size: medium;\">Tento syndrom si z\u00edskal n\u00e1zev po anglick\u00e9m chirurgovi a oftalmologovi <\/span><strong><span style=\"font-size: medium;\">Treacheru Collinsovi<\/span><\/strong><span style=\"font-size: medium;\">. Poprv\u00e9 tenhle syndrom byl pops\u00e1n panem Thomsonem (1846), pozd\u011bji pak \u0161v\u00fdcarsk\u00fdm oftalmologem <\/span><strong><span style=\"font-size: medium;\">Franceshettim<\/span><\/strong><span style=\"font-size: medium;\"> a genetikem <\/span><span style=\"font-size: medium;\"><strong>Kleinem<\/strong><b>,<\/b><\/span><span style=\"font-size: medium;\"> proto se m\u016f\u017eete setkat s\u00a0ozna\u010den\u00edm <\/span><span style=\"font-size: medium;\"><strong>Franceschetti<\/strong> <\/span><strong><span style=\"font-size: medium;\">\u2013 <\/span><\/strong><span style=\"font-size: medium;\"><strong>Klein syndrom<\/strong><b>. <\/b><\/span><span style=\"font-size: medium;\">Dal\u0161\u00ed n\u00e1zvy pro tento syndrom mohou b\u00fdt <\/span><strong><span style=\"font-size: medium;\">Berry Treacher Collins syndrom <\/span><\/strong><span style=\"font-size: medium;\">nebo <\/span><span style=\"font-size: medium;\"><strong>Franceschetti \u2013 Zwahlen syndrom<\/strong><b>. <\/b><\/span><span style=\"font-size: medium;\">Tento syndrom spad\u00e1 do diagn\u00f3zy pod k\u00f3dem <\/span><a class=\"western\" href=\"https:\/\/mkn10.uzis.cz\/prohlizec\/Q75.4\"><span style=\"color: #0000ff;\"><span style=\"text-decoration: underline;\"><span style=\"font-size: medium;\"><b>Q75.4<\/b><\/span><\/span><\/span><span style=\"color: #0000ff;\"><span style=\"text-decoration: underline;\"><span style=\"font-size: medium;\">.<\/span><\/span><\/span><\/a><span style=\"font-size: medium;\">, kter\u00fd nese n\u00e1zev <\/span><strong><span style=\"font-size: medium;\">Mandibulofacialn\u00ed dysost\u00f3za (MFD1)<\/span><\/strong><span style=\"font-size: medium;\">. Podle <\/span><strong><span style=\"font-size: medium;\">Mezin\u00e1rodn\u00ed statistick\u00e9 klasifikace nemoc\u00ed a p\u0159idru\u017een\u00fdch zdravotn\u00edch probl\u00e9m\u016f<\/span><\/strong><span style=\"font-size: medium;\"> spadaj\u00ed diagn\u00f3zy pod k\u00f3dem <\/span><span style=\"font-size: medium;\"><b>Q00-Q99<\/b><\/span><span style=\"font-size: medium;\"> do <\/span><span style=\"color: #0000ff;\"><span style=\"text-decoration: underline;\"><a class=\"western\" href=\"http:\/\/www.uzis.cz\/cz\/mkn\/index.html\"><span style=\"font-size: medium;\"><b>vrozen\u00fdch vad, deformac\u00ed a chromozom\u00e1ln\u00edch abnormalit<\/b><\/span><\/a><\/span><\/span><span style=\"font-size: medium;\">, kam se \u0159ad\u00ed i <\/span><strong><span style=\"font-size: medium;\">Goldenhar syndrom<\/span><span style=\"font-size: medium;\">.<\/span><\/strong><\/p>\n<p class=\"western\" style=\"text-align: justify;\" align=\"justify\"><strong><a href=\"http:\/\/www.zivotsesyndromem.cz\/wp-content\/uploads\/2015\/03\/TCS-01.jpg\"><img loading=\"lazy\" decoding=\"async\" class=\" size-medium wp-image-17 aligncenter\" src=\"http:\/\/www.zivotsesyndromem.cz\/wp-content\/uploads\/2015\/03\/TCS-01-300x300.jpg\" alt=\"TCS - 01\" width=\"300\" height=\"300\" \/><\/a><\/strong><\/p>\n<p class=\"western\" style=\"text-align: justify;\" align=\"justify\"><strong><span style=\"font-size: medium;\">Genetika<\/span><\/strong><\/p>\n<p class=\"western\" style=\"text-align: justify;\" align=\"justify\"><span style=\"font-size: medium;\">TCS spad\u00e1 pod <\/span><span style=\"font-size: medium;\">autozom\u00e1ln\u011b dominantn\u011b d\u011bdi\u010dn\u00e9 onemocn\u011bn\u00ed,<\/span><span style=\"font-size: medium;\"> postihuj\u00edc\u00ed <strong>ob\u011b pohlav\u00ed<\/strong>. A\u017e <\/span><strong><span style=\"font-size: medium;\">60 %<\/span><\/strong><span style=\"font-size: medium;\"> se TCS objev\u00ed jako <\/span><strong><span style=\"font-size: medium;\">nov\u00e1 genov\u00e1 mutace<\/span><\/strong><span style=\"font-size: medium;\">, nap\u0159. po l\u00e9c\u00edch, z\u00e1\u0159en\u00ed a jin\u00fdch vn\u011bj\u0161\u00edch vlivech. <strong>Pravd\u011bpodobnost, \u017ee <\/strong><\/span><strong><span style=\"font-size: medium;\">d\u00edt\u011b zd\u011bd\u00ed<\/span><span style=\"font-size: medium;\"> po posti\u017een\u00fdch rodi\u010d\u00edch TCS je <\/span><\/strong><span style=\"font-size: medium;\"><strong>50 %<\/strong>.<\/span> <span style=\"font-size: medium;\">Riziko, \u017ee posti\u017een\u00e1 \u017eena p\u0159ed\u00e1 d\u00e1le defektn\u00ed gen na nenarozen\u00e9ho je vy\u0161\u0161\u00ed ne\u017e u posti\u017een\u00fdch mu\u017e\u016f. Av\u0161ak nov\u00e1 mutace se s\u00a0v\u011bkem otce zv\u011bt\u0161uje. Porucha vznik\u00e1 a\u017e <\/span><span style=\"font-size: medium;\">v\u00a07. t\u00fddnu t\u011bhotenstv\u00ed<\/span><span style=\"font-size: medium;\">. <strong>Posti\u017een\u00ed lid\u00e9 t\u00edmto syndromem <\/strong><\/span><strong><span style=\"font-size: medium;\">nejsou du\u0161evn\u011b posti\u017eeny!<\/span><\/strong><\/p>\n<p class=\"western\" style=\"text-align: justify;\" align=\"justify\"><span style=\"font-size: medium;\">Pokud potomek posti\u017een\u00fdch rodi\u010d\u016f nezd\u011bd\u00ed TCS, nem\u016f\u017ee d\u00e1l tento syndrom u\u017e p\u0159ed\u00e1vat. Ve v\u00fdjime\u010dn\u00fdch p\u0159\u00edpadech by \u0161lo o novou mutaci. <\/span><\/p>\n<p class=\"western\" style=\"text-align: justify;\" align=\"justify\"><span style=\"font-size: medium;\"><strong>V\u00fdskyt TCS<\/strong> je v\u00a0celosv\u011btov\u00e9m m\u011b\u0159\u00edtku <\/span><strong><span style=\"font-size: medium;\">1:50 000<\/span><\/strong><span style=\"font-size: medium;\"> (1 narozen\u00e9 d\u00edt\u011b s\u00a0TCS na 50\u00a0000 narozen\u00fdch d\u011bt\u00ed. <strong>V\u00a0\u010cesk\u00e9 republice<\/strong> na 10 milion\u016f obyvatel se m\u016f\u017ee vyskytovat <strong>a\u017e 200 jedinc\u016f s\u00a0TCS<\/strong>. <\/span><span style=\"font-size: medium;\">Ve \u0160v\u00fdcarsku<\/span><span style=\"font-size: medium;\"> bylo <\/span><span style=\"font-size: medium;\">v\u00a0roce 2007<\/span><span style=\"font-size: medium;\"> evidov\u00e1no na 8 milion\u016f obyvatel cca <\/span><span style=\"font-size: medium;\">300 posti\u017een\u00fdch lid\u00ed.<\/span><\/p>\n<p class=\"western\" style=\"text-align: justify;\" align=\"justify\"><span style=\"font-size: medium;\">V\u00a0tabulce je podrobn\u00e1 genov\u00e1 mutace u TCS. <\/span><span style=\"font-size: medium;\">Mutace <\/span><span style=\"font-size: medium;\">m\u016f\u017ee b\u00fdt lokalizovan\u00e1 na <\/span><span style=\"font-size: medium;\"><strong>5., 6. nebo 13. chromozomu<\/strong>.<\/span><strong><span style=\"font-size: medium;\"> Mutace se m\u016f\u017ee t\u00fdkat minim\u00e1ln\u011b <\/span><span style=\"font-size: medium;\">13 gen\u016f<\/span><\/strong><span style=\"font-size: medium;\">. P\u0159esnou genetickou diagn\u00f3zu v\u00e1m potvrd\u00ed pracovi\u0161t\u011b l\u00e9ka\u0159sk\u00e9 genetiky.<\/span><\/p>\n<p class=\"western\" style=\"text-align: justify;\" align=\"justify\"><span style=\"font-size: medium;\">Tab: <\/span><span style=\"font-size: medium;\"><i>Typy genov\u00e9 mutace u TCS<\/i><\/span><strong><span style=\"font-size: medium;\"> (<a href=\"http:\/\/omim.org\/\">http:\/\/omim.org\/<\/a>)<\/span><\/strong><\/p>\n<table style=\"height: 290px;\" width=\"735\" cellspacing=\"0\" cellpadding=\"7\">\n<colgroup>\n<col width=\"59\" \/>\n<col width=\"191\" \/>\n<col width=\"328\" \/> <\/colgroup>\n<tbody>\n<tr valign=\"top\">\n<td width=\"59\">\n<p class=\"western\" align=\"justify\"><strong><span style=\"font-size: medium;\">Lokace<\/span><\/strong><\/p>\n<\/td>\n<td width=\"191\">\n<p class=\"western\" align=\"justify\"><strong><span style=\"font-size: medium;\">Fenotyp<\/span><\/strong><\/p>\n<\/td>\n<td width=\"328\">\n<p class=\"western\" align=\"justify\"><strong><span style=\"font-size: medium;\">Gen\/Lokus<\/span><\/strong><\/p>\n<\/td>\n<\/tr>\n<tr valign=\"top\">\n<td width=\"59\">\n<p class=\"western\" align=\"justify\"><strong><a class=\"western\" href=\"http:\/\/omim.org\/geneMap\/5\/536?start=-3&amp;limit=10&amp;highlight=536\" target=\"_blank\" rel=\"noopener\"><span style=\"color: #0000ff;\"><span style=\"font-family: 'Times New Roman', serif;\"><span style=\"font-size: medium;\"><span style=\"text-decoration: underline;\">5q32<\/span><\/span><\/span><\/span><\/a><\/strong><\/p>\n<\/td>\n<td width=\"191\">\n<p class=\"western\" align=\"justify\"><strong><a class=\"western\" href=\"http:\/\/omim.org\/entry\/154500\" target=\"_blank\" rel=\"noopener\"><span style=\"color: #0000ff;\"><span style=\"font-family: 'Times New Roman', serif;\"><span style=\"font-size: medium;\"><span style=\"text-decoration: underline;\">Treacher Collins syndrome 1<\/span><\/span><\/span><\/span><\/a><\/strong><\/p>\n<\/td>\n<td width=\"328\">\n<p class=\"western\" align=\"justify\"><strong><a class=\"western\" href=\"http:\/\/omim.org\/entry\/606847\" target=\"_blank\" rel=\"noopener\"><span style=\"color: #0000ff;\"><span style=\"font-family: 'Times New Roman', serif;\"><span style=\"font-size: medium;\"><span style=\"text-decoration: underline;\">TCOF1, MFD1, TCS1<\/span><\/span><\/span><\/span><\/a><\/strong><\/p>\n<\/td>\n<\/tr>\n<tr valign=\"top\">\n<td width=\"59\">\n<p class=\"western\" align=\"justify\"><strong><a class=\"western\" href=\"http:\/\/omim.org\/geneMap\/6\/454?start=-3&amp;limit=10&amp;highlight=454\" target=\"_blank\" rel=\"noopener\"><span style=\"color: #0000ff;\"><span style=\"font-family: 'Times New Roman', serif;\"><span style=\"font-size: medium;\"><span style=\"text-decoration: underline;\">6p21.1<\/span><\/span><\/span><\/span><\/a><\/strong><\/p>\n<\/td>\n<td width=\"191\">\n<p class=\"western\" align=\"justify\"><strong><a class=\"western\" href=\"http:\/\/omim.org\/entry\/248390\" target=\"_blank\" rel=\"noopener\"><span style=\"color: #0000ff;\"><span style=\"font-family: 'Times New Roman', serif;\"><span style=\"font-size: medium;\"><span style=\"text-decoration: underline;\">Treacher Collins syndrome 3<\/span><\/span><\/span><\/span><\/a><\/strong><\/p>\n<\/td>\n<td width=\"328\">\n<p class=\"western\" align=\"justify\"><strong><a class=\"western\" href=\"http:\/\/omim.org\/entry\/610060\" target=\"_blank\" rel=\"noopener\"><span style=\"color: #0000ff;\"><span style=\"font-family: 'Times New Roman', serif;\"><span style=\"font-size: medium;\"><span style=\"text-decoration: underline;\">POLR1C, RPA39, RPA40, RPAC1, RPA5, TCS3<\/span><\/span><\/span><\/span><\/a><\/strong><\/p>\n<\/td>\n<\/tr>\n<tr valign=\"top\">\n<td width=\"59\">\n<p class=\"western\" align=\"justify\"><strong><a class=\"western\" href=\"http:\/\/omim.org\/geneMap\/13\/50?start=-3&amp;limit=10&amp;highlight=50\" target=\"_blank\" rel=\"noopener\"><span style=\"color: #0000ff;\"><span style=\"font-family: 'Times New Roman', serif;\"><span style=\"font-size: medium;\"><span style=\"text-decoration: underline;\">13q12.2<\/span><\/span><\/span><\/span><\/a><\/strong><\/p>\n<\/td>\n<td width=\"191\">\n<p class=\"western\" align=\"justify\"><strong><a class=\"western\" href=\"http:\/\/omim.org\/entry\/248390\" target=\"_blank\" rel=\"noopener\"><span style=\"color: #0000ff;\"><span style=\"font-family: 'Times New Roman', serif;\"><span style=\"font-size: medium;\"><span style=\"text-decoration: underline;\">Treacher Collins syndrome 3<\/span><\/span><\/span><\/span><\/a><\/strong><\/p>\n<\/td>\n<td width=\"328\">\n<p class=\"western\" align=\"justify\"><strong><a class=\"western\" href=\"http:\/\/omim.org\/entry\/613715\" target=\"_blank\" rel=\"noopener\"><span style=\"color: #0000ff;\"><span style=\"font-family: 'Times New Roman', serif;\"><span style=\"font-size: medium;\"><span style=\"text-decoration: underline;\">POLR1D, RPA16, RPAC2, TCS2<\/span><\/span><\/span><\/span><\/a><\/strong><\/p>\n<\/td>\n<\/tr>\n<\/tbody>\n<\/table>\n<p class=\"western\" style=\"text-align: justify;\"><strong><span style=\"font-size: medium;\">Symptomy<\/span><\/strong><\/p>\n<p class=\"western\" style=\"text-align: justify;\"><span style=\"font-size: medium;\">Tento syndrom se t\u00fdk\u00e1 z\u00a0v\u011bt\u0161\u00ed \u010d\u00e1sti pouze posti\u017een\u00ed <\/span><span style=\"font-size: medium;\">v\u00a0obli\u010dejov\u00e9 \u010d\u00e1sti<\/span><span style=\"font-size: medium;\">. U n\u011bkter\u00fdch jedinc\u016f jsou symptomy nepatrn\u00e9, t\u00e9m\u011b\u0159 neviditeln\u00e9. N\u011bkter\u00e9 narozen\u00e9 d\u011bti s\u00a0t\u00edmto syndromem jsou v\u00a0ohro\u017een\u00ed \u017eivota z\u00a0d\u016fvodu pot\u00ed\u017e\u00ed s\u00a0d\u00fdch\u00e1n\u00edm a p\u0159\u00edjmem potravy \u2013 p\u0159\u00ed\u010dinami jsou oboustrann\u00fd roz\u0161t\u011bp rtu, patra a \u010delisti. Na sv\u011bt\u011b je zn\u00e1m\u00e1 dnes ji\u017e 11 ti let\u00e1 <\/span><strong><span style=\"font-size: medium;\">Juliana Wetmore<\/span><\/strong><span style=\"font-size: medium;\"> s\u00a0nejt\u011b\u017e\u0161\u00edm posti\u017een\u00edm TCS. Chyb\u00ed j\u00ed 40 % kost\u00ed v\u00a0obli\u010deji. Od sv\u00e9ho narozen\u00ed prod\u011blala ji\u017e <\/span><span style=\"font-size: medium;\">45 operac\u00ed. <\/span><\/p>\n<p class=\"western\" style=\"text-align: justify;\" align=\"justify\"><strong><span style=\"font-size: medium;\">Nej\u010dast\u011bj\u0161\u00ed projevy TCS:<\/span><\/strong><\/p>\n<ul style=\"text-align: justify;\">\n<li>\n<p class=\"western\" align=\"justify\"><span style=\"font-size: medium;\">Se\u0161ikmen\u00e9 o\u010di, tzv. sestupn\u00e9 neboli antimongoloidn\u00ed<\/span><\/p>\n<\/li>\n<li>\n<p class=\"western\" align=\"justify\"><span style=\"font-size: medium;\">Nevyvinut\u00e1 spodn\u00ed v\u00ed\u010dka a n\u00e1chylnost k\u00a0vysych\u00e1n\u00ed o\u010d\u00ed<\/span><\/p>\n<\/li>\n<li>\n<p class=\"western\" align=\"justify\"><span style=\"font-size: medium;\">\u010c\u00e1ste\u010dn\u011b nevyvinut\u00e9 l\u00edcn\u00ed kosti<\/span><\/p>\n<\/li>\n<li>\n<p class=\"western\" align=\"justify\"><span style=\"font-size: medium;\">Propadl\u00e9 sp\u00e1nkov\u00e9 oblasti<\/span><\/p>\n<\/li>\n<li>\n<p class=\"western\" align=\"justify\"><span style=\"font-size: medium;\">N\u00e1padn\u00fd nos<\/span><\/p>\n<\/li>\n<li>\n<p class=\"western\" align=\"justify\"><span style=\"font-size: medium;\">Mikrocie u\u0161n\u00edch boltc\u016f (deformace) nebo u\u0161i zcela chyb\u00ed<\/span><\/p>\n<\/li>\n<li>\n<p class=\"western\" align=\"justify\"><span style=\"font-size: medium;\">Atr\u00e9zie zevn\u00edho zvukovodu \u2013 nedosl\u00fdchavost a\u017e hluchota<\/span><\/p>\n<\/li>\n<li>\n<p class=\"western\" align=\"justify\"><span style=\"font-size: medium;\">Roz\u0161t\u011bp patra, rtu nebo \u010delist\u00ed (jednostrann\u011b, oboustrann\u011b)<\/span><\/p>\n<\/li>\n<li>\n<p class=\"western\" align=\"justify\"><span style=\"font-size: medium;\">Mikrogenie \u010delisti (men\u0161\u00ed doln\u00ed \u010delist ne\u017e horn\u00ed, vzhled zapadl\u00e9 brady), otev\u0159en\u00fd skus <\/span><\/p>\n<\/li>\n<li>\n<p class=\"western\" align=\"justify\"><span style=\"font-size: medium;\">K\u0159iv\u00e9 postaven\u00ed zub\u016f <\/span><\/p>\n<\/li>\n<li>\n<p class=\"western\" align=\"justify\"><span style=\"font-size: medium;\">Vlasov\u00e9 l\u016f\u017eka zasahuj\u00edc\u00ed v\u00a0podob\u011b kotlet u obou pohlav\u00ed<\/span><\/p>\n<\/li>\n<\/ul>\n<p class=\"western\" style=\"text-align: justify;\" align=\"justify\"><strong><a href=\"http:\/\/www.zivotsesyndromem.cz\/wp-content\/uploads\/2015\/03\/schema.jpg\"><img loading=\"lazy\" decoding=\"async\" class=\" size-medium wp-image-18 aligncenter\" src=\"http:\/\/www.zivotsesyndromem.cz\/wp-content\/uploads\/2015\/03\/schema-300x204.jpg\" alt=\"schema\" width=\"300\" height=\"204\" \/><\/a><\/strong><\/p>\n<p class=\"western\" style=\"text-align: justify;\" align=\"justify\">Zdroj sch\u00e9matu<strong>: <span style=\"color: #0000ff;\"><span style=\"text-decoration: underline;\"><a class=\"western\" href=\"http:\/\/www.cranirare.eu\/phenotypes\/treacher_collins\/index.php\">http:\/\/www.cranirare.eu\/phenotypes\/treacher_collins\/index.php<\/a><\/span><\/span><\/strong><\/p>\n<p class=\"western\" style=\"text-align: justify;\" align=\"justify\"><strong><span style=\"font-size: medium;\">P\u0159idru\u017een\u00e9 obt\u00ed\u017ee:<\/span><\/strong><\/p>\n<ul style=\"text-align: justify;\">\n<li>\n<p class=\"western\" align=\"justify\"><span style=\"font-size: medium;\">Obt\u00ed\u017en\u00e9 d\u00fdch\u00e1n\u00ed, kter\u00e9 je nutno zajistit <\/span><span style=\"font-size: medium;\">tracheostomii,<\/span><span style=\"font-size: medium;\"> kter\u00e1 se b\u011bhem v\u00fdvoje a po opera\u010dn\u00edch z\u00e1kroc\u00edch \u010dasem m\u016f\u017ee zcela odstranit<\/span><\/p>\n<\/li>\n<li>\n<p class=\"western\" align=\"justify\"><span style=\"font-size: medium;\">Obt\u00ed\u017en\u00e9 stravov\u00e1n\u00ed, zejm\u00e9na polyk\u00e1n\u00ed p\u0159i roz\u0161t\u011bpu patra i \u010delist\u00ed \u2013 <\/span><span style=\"font-size: medium;\">v\u00fd\u017eiva PEG sondou<\/span><span style=\"font-size: medium;\"> (op\u011bt je \u0161ance se j\u00ed \u010dasem zbavit)<\/span><\/p>\n<\/li>\n<li>\n<p class=\"western\" align=\"justify\"><span style=\"font-size: medium;\">Opakovan\u00e9 infekce o\u010d\u00ed \u2013 oko m\u00e1 tendenci vysychat, proto je d\u016fle\u017eit\u00e9 dokap\u00e1vat um\u011bl\u00fdmi slzami <\/span><\/p>\n<\/li>\n<\/ul>\n<p class=\"western\" style=\"text-align: justify;\" align=\"justify\"><span style=\"font-size: medium;\">Dal\u0161\u00ed zdravotn\u00ed pot\u00ed\u017ee neb\u00fdvaj\u00ed spojeny s\u00a0TCS. V\u011bt\u0161ina lid\u00ed s\u00a0TCS m\u00e1 norm\u00e1ln\u00ed v\u00fdvoj a inteligenci. N\u011bkte\u0159\u00ed jedinci s\u00a0TCS jsou nadpr\u016fm\u011brn\u011b nadan\u00ed. <\/span><\/p>\n<p class=\"western\" style=\"text-align: justify;\" align=\"justify\"><strong><span style=\"font-size: medium;\">L\u00e9\u010dba<\/span><\/strong><\/p>\n<p class=\"western\" style=\"text-align: justify;\" align=\"justify\"><span style=\"font-size: medium;\">L\u00e9\u010dba Treacher Collins neexistuje, pouze se l\u00e9\u010d\u00ed nebo koriguj\u00ed projevy tohoto syndromu.<\/span><\/p>\n<p class=\"western\" style=\"text-align: justify;\" align=\"justify\"><span style=\"font-size: medium;\">V\u00a0prvn\u00ed \u0159ad\u011b jsou to r\u016fzn\u00e9 <\/span><strong><span style=\"font-size: medium;\">plastick\u00e9 operace<\/span><\/strong><span style=\"font-size: medium;\">. T\u0159etina d\u011bt\u00ed s\u00a0TCS se narod\u00ed <strong>s\u00a0roz\u0161t\u011bpem patra<\/strong>. Z\u00a0d\u00fdchac\u00edch a stravovac\u00edch d\u016fvod\u016f je d\u016fle\u017eit\u00e1 v\u010dasn\u00e1 <\/span><span style=\"font-size: medium;\">operace roz\u0161t\u011bpu<\/span><span style=\"font-size: medium;\">. Operace roz\u0161t\u011bpu patra se prov\u00e1d\u00ed ide\u00e1ln\u011b v 9. m\u011bs\u00edci \u017eivota (p\u0159ed n\u00e1stupem \u0159e\u010di). Operace rtu se operuje nej\u010dast\u011bji 1. t\u00fdden po narozen\u00ed, m\u00e9n\u011b \u010dasto ve 3. m\u011bs\u00edci \u017eivota. <\/span><\/p>\n<p class=\"western\" style=\"text-align: justify;\" align=\"justify\"><span style=\"font-size: medium;\">\u010cast\u00e9 jsou <\/span><span style=\"font-size: medium;\"><strong>rekonstrukce u\u0161n\u00edch boltc\u016f<\/strong>. J<\/span><span style=\"font-size: medium;\">ako kostn\u00ed podklad slou\u017e\u00ed chrupavky z\u00a0\u017eeber. Rekonstrukce 1 ucha je zpravidla rozd\u011blena do 3-4 operac\u00ed. Prvn\u00ed operace se realizuje okolo 10.roku \u017eivota. V\u00fdsledn\u00e9 \u201eucho\u201c v\u0161ak \u010dasto nespl\u0148uje ve\u0161ker\u00e1 o\u010dek\u00e1v\u00e1n\u00ed. Existuje jin\u00e1 mo\u017enost ne\u017e operativn\u00ed \u0159e\u0161en\u00ed. Ve<strong> Fr\u00fddku-M\u00edstku<\/strong> se jako jedin\u00e1 firma v\u00a0\u010cR zab\u00fdvaj\u00ed um\u011bl\u00fdmi <\/span><strong><span style=\"font-size: medium;\">silikonov\u00fdmi epit\u00e9zami u\u0161\u00ed<\/span><\/strong><span style=\"font-size: medium;\">. V\u00edce informac\u00ed naleznete na str\u00e1nk\u00e1ch <\/span><strong><span style=\"color: #ff0000;\"><span style=\"text-decoration: underline;\"><a class=\"western\" style=\"color: #ff0000;\" href=\"http:\/\/www.silikonove-epitezy-protezy.cz\/\"><span style=\"font-size: medium;\">http:\/\/www.silikonove-epitezy-protezy.cz\/<\/span><\/a><\/span><\/span><\/strong><\/p>\n<p class=\"western\" style=\"text-align: justify;\" align=\"justify\"><span style=\"font-size: medium;\">Mezi dal\u0161\u00ed plastick\u00e9 operace pat\u0159\u00ed <\/span><span style=\"font-size: medium;\">rekonstrukce nosu,<\/span><span style=\"font-size: medium;\"> l\u00edcn\u00edch kost\u00ed, oblasti o\u010d\u00ed. Kolem 15.roku \u017eivota je mo\u017en\u00e1 <\/span><span style=\"font-size: medium;\">operace \u010delist\u00ed a brady.<\/span><\/p>\n<p class=\"western\" style=\"text-align: justify;\" align=\"justify\"><span style=\"font-size: medium;\"><span style=\"text-decoration: underline;\">Sluch<\/span><\/span><span style=\"font-size: medium;\"><span style=\"text-decoration: underline;\">&#8211;<\/span><\/span><span style=\"font-size: medium;\"> p\u0159i nedosl\u00fdchavosti nebo hluchot\u011b je nutn\u00e1 <\/span><span style=\"font-size: medium;\">korekce sluchadly,<\/span><span style=\"font-size: medium;\"> nejnov\u011bji se pou\u017e\u00edvaj\u00ed sluchadla na kostn\u00ed veden\u00ed BAHA. <\/span><\/p>\n<p class=\"western\" style=\"text-align: justify;\" align=\"justify\"><span style=\"font-size: medium;\"><span style=\"text-decoration: underline;\">\u0158e\u010d \u2013<\/span><\/span><span style=\"font-size: medium;\"> vedle operativn\u00ed korekce orofaci\u00e1ln\u00edho roz\u0161t\u011bpu je d\u016fle\u017eit\u00e1 n\u00e1sledn\u00e1 <\/span><span style=\"font-size: medium;\">logopedick\u00e1 p\u00e9\u010de.<\/span><\/p>\n<p class=\"western\" style=\"text-align: justify;\" align=\"justify\"><span style=\"font-size: medium;\">Komplexn\u00ed l\u00e9\u010dba zahrnuje mnoho l\u00e9ka\u0159sk\u00fdch odv\u011btv\u00ed a d\u016fle\u017eit\u00e1 je vz\u00e1jemn\u00e1 spolupr\u00e1ce: <\/span><\/p>\n<ul style=\"text-align: justify;\">\n<li>\n<p class=\"western\" align=\"justify\"><strong><span style=\"font-size: medium;\">Genetick\u00e9 vy\u0161et\u0159en\u00ed<\/span><\/strong><\/p>\n<\/li>\n<li>\n<p class=\"western\" align=\"justify\"><strong><span style=\"font-size: medium;\">Neonatologie<\/span><\/strong><\/p>\n<\/li>\n<li>\n<p class=\"western\" align=\"justify\"><strong><span style=\"font-size: medium;\">Plastick\u00e1 chirurgie<\/span><\/strong><\/p>\n<\/li>\n<li>\n<p class=\"western\" align=\"justify\"><strong><span style=\"font-size: medium;\">Foniatrie<\/span><\/strong><\/p>\n<\/li>\n<li>\n<p class=\"western\" align=\"justify\"><strong><span style=\"font-size: medium;\">ORL<\/span><\/strong><\/p>\n<\/li>\n<li>\n<p class=\"western\" align=\"justify\"><strong><span style=\"font-size: medium;\">Stomatologie a ortodoncie <\/span><\/strong><\/p>\n<\/li>\n<li>\n<p class=\"western\" align=\"justify\"><strong><span style=\"font-size: medium;\">Logopedick\u00e1 p\u00e9\u010de<\/span><\/strong><\/p>\n<\/li>\n<li>\n<p class=\"western\" align=\"justify\"><strong><span style=\"font-size: medium;\">Psychologick\u00e1 p\u00e9\u010de<\/span><\/strong><\/p>\n<\/li>\n<\/ul>\n<p class=\"western\" style=\"text-align: center;\" align=\"justify\"><span style=\"font-size: 14pt;\">Na z\u00e1v\u011br je nutno podotknout, \u017ee je d\u016fle\u017eit\u00e1 nejen l\u00e9ka\u0159sk\u00e1 p\u00e9\u010de, ale i p\u00e9\u010de a pomoc cel\u00e9 rodiny a jej\u00edho okol\u00ed ve v\u0161ech etap\u00e1ch v\u00fdvoje d\u00edt\u011bte <span style=\"font-family: Wingdings;\">\uf04a<\/span>.<\/span><\/p>\n<p style=\"text-align: center;\"><span style=\"font-size: 14pt;\">O <strong>Treacher Collins syndromu<\/strong> se p\u00ed\u0161e i na\u00a0<strong><a href=\"http:\/\/www.priznaky-projevy.cz\/geneticke-nemoci\/treacher-collinsuv-syndrom-mandibulofacialni-dysostoza-priznaky-projevy-symptomy\" target=\"_blank\" rel=\"noopener\">www.priznaky-projevy.cz<\/a><\/strong><\/span><\/p>\n","protected":false},"excerpt":{"rendered":"<p> &#8230; <a title=\"Treacher Collins syndrom (TCS)\" class=\"read-more\" href=\"https:\/\/www.zivotsesyndromem.cz\/?page_id=16\" aria-label=\"\u010c\u00edst v\u00edce o Treacher Collins syndrom (TCS)\">Read More<\/a><\/p>\n","protected":false},"author":3,"featured_media":0,"parent":0,"menu_order":0,"comment_status":"open","ping_status":"open","template":"","meta":{"footnotes":""},"class_list":["post-16","page","type-page","status-publish"],"_links":{"self":[{"href":"https:\/\/www.zivotsesyndromem.cz\/index.php?rest_route=\/wp\/v2\/pages\/16","targetHints":{"allow":["GET"]}}],"collection":[{"href":"https:\/\/www.zivotsesyndromem.cz\/index.php?rest_route=\/wp\/v2\/pages"}],"about":[{"href":"https:\/\/www.zivotsesyndromem.cz\/index.php?rest_route=\/wp\/v2\/types\/page"}],"author":[{"embeddable":true,"href":"https:\/\/www.zivotsesyndromem.cz\/index.php?rest_route=\/wp\/v2\/users\/3"}],"replies":[{"embeddable":true,"href":"https:\/\/www.zivotsesyndromem.cz\/index.php?rest_route=%2Fwp%2Fv2%2Fcomments&post=16"}],"version-history":[{"count":0,"href":"https:\/\/www.zivotsesyndromem.cz\/index.php?rest_route=\/wp\/v2\/pages\/16\/revisions"}],"wp:attachment":[{"href":"https:\/\/www.zivotsesyndromem.cz\/index.php?rest_route=%2Fwp%2Fv2%2Fmedia&parent=16"}],"curies":[{"name":"wp","href":"https:\/\/api.w.org\/{rel}","templated":true}]}}